{"id":1257,"date":"2024-03-25T13:32:32","date_gmt":"2024-03-25T12:32:32","guid":{"rendered":"https:\/\/www.acceleraelcreixement.com\/politica-privacitat\/"},"modified":"2024-04-12T11:08:35","modified_gmt":"2024-04-12T09:08:35","slug":"politica-privacidad","status":"publish","type":"page","link":"https:\/\/www.acceleraelcreixement.com\/es\/politica-privacidad\/","title":{"rendered":"Pol\u00edtica de privacidad"},"content":{"rendered":"\t\t<div data-elementor-type=\"wp-page\" data-elementor-id=\"1257\" class=\"elementor elementor-1257 elementor-3\" data-elementor-post-type=\"page\">\n\t\t\t\t<div class=\"elementor-element elementor-element-5f0af023 e-flex e-con-boxed e-con e-parent\" data-id=\"5f0af023\" data-element_type=\"container\">\n\t\t\t\t\t<div class=\"e-con-inner\">\n\t\t\t\t<div class=\"elementor-element elementor-element-cb68dfc elementor-widget elementor-widget-heading\" data-id=\"cb68dfc\" data-element_type=\"widget\" data-widget_type=\"heading.default\">\n\t\t\t\t<div class=\"elementor-widget-container\">\n\t\t\t\t\t<h2 class=\"elementor-heading-title elementor-size-default\">Pol\u00edtica de privacidad<\/h2>\t\t\t\t<\/div>\n\t\t\t\t<\/div>\n\t\t\t\t<div class=\"elementor-element elementor-element-6ef0fa04 elementor-widget elementor-widget-text-editor\" data-id=\"6ef0fa04\" data-element_type=\"widget\" data-widget_type=\"text-editor.default\">\n\t\t\t\t<div class=\"elementor-widget-container\">\n\t\t\t\t\t\t\t\t\t<div><div class=\"container\"><div class=\"container_inner default_template_holder clearfix page_container_inner\"><div class=\"vc_row wpb_row section vc_row-fluid cms\"><div class=\" full_section_inner clearfix\"><div class=\"wpb_column vc_column_container vc_col-sm-12\"><div class=\"vc_column-inner\"><div class=\"wpb_wrapper\"><div class=\"wpb_text_column wpb_content_element \"><div class=\"wpb_wrapper\"><div class=\"field field-name-body field-type-text-with-summary field-label-hidden\"><div class=\"field-items\"><div class=\"field-item even\"><p>La confidencialidad y la seguridad son valores primordiales de PIMEC y la Diputaci\u00f3n de Barcelona como responsables del proyecto ACCELERA EL CREIXEMENT\u00a0 y, en consecuencia, asumimos el compromiso de garantizar la privacidad de los datos personales de nuestros participantes en todo momento y de no recoger informaci\u00f3n innecesaria.<\/p><p>A continuaci\u00f3n, te proporcionamos toda la informaci\u00f3n necesaria sobre nuestra Pol\u00edtica de Privacidad en relaci\u00f3n a los datos personales que recogemos, explicando:<\/p><ul><li>Quien es el responsable del tratamiento de sus datos.<\/li><li>Por qu\u00e9 fines pedimos los datos que te pedimos.<\/li><li>\u00bfCu\u00e1l es la legitimaci\u00f3n para su tratamiento.<\/li><li>Durante cu\u00e1nto tiempo las conservamos.<\/li><li>A qu\u00e9 destinatarios se le comunican tus datos.<\/li><li>\u00bfCu\u00e1les son tus derechos?<\/li><\/ul><br \/><h4><strong>\u00bfQui\u00e9n es el responsable del tratamiento de los datos personales?<\/strong><\/h4><p><strong>PIMEC, PETITA I MITJANA EMPRESA DE CATALUNYA<\/strong><\/p><p><strong>NIF:<\/strong>\u00a0G61512257<br \/><strong>Raz\u00f3n social: <\/strong>C\/ Viladomat, 174. 08015 Barcelona<br \/><strong>Contacto:<\/strong>\u00a0<a href=\"mailto:privacitat@pimec.org.\"><strong>privacitat@pimec.org<\/strong><\/a><\/p><p>Tambi\u00e9n te informamos que, dentro del \u00e1mbito de responsabilidades que le corresponden, los datos se comparten con<\/p><p><strong>DIPUTACI\u00d3 DE BARCELONA<\/strong><\/p><p><strong>Raz\u00f3n social:<\/strong> Rambla de Catalunya, 126. 08008 Barcelona<br \/><strong>Contacto<\/strong>: diputacio.bcn@diba.cat<\/p><h4><strong><br \/>\u00bfQui\u00e9n velar\u00e1 por los datos en PIMEC?<br \/><\/strong><\/h4><p>PIMEC ha nombrado a un responsable de Protecci\u00f3n de Datos que ser\u00e1 el garante dentro de la entidad del cumplimiento de la normativa de protecci\u00f3n de datos.<\/p><p>Podr\u00e1s contactar con el Responsable de Protecci\u00f3n de Datos de PIMEC en las siguientes direcciones:<\/p><ul><li>Correo electr\u00f3nico: privacidad@pimec.org<\/li><li>Correo postal: C\/ Viladomat, 174. 08015 Barcelona<\/li><\/ul><p>\u00a0<\/p><p>Por su parte, la Diputaci\u00f3n de Barcelona pone a su disposici\u00f3n el buz\u00f3n delegatprotecdades@diba.cat desde donde el Delegado de Protecci\u00f3n de Datos le atender\u00e1.<\/p><br \/><h4><strong>\u00bfCu\u00e1les son los colectivos de interesados?<\/strong><\/h4><p>Los datos de car\u00e1cter personal tratados son los de los siguientes colectivos interesados:<\/p><ul><li>Personas de contacto de las empresas que participan o piden participar en el proyecto Accelera el Creixement<\/li><li>Personas que nos han proporcionado sus datos en los diferentes formularios de la web para realizar consultas u obtener informaci\u00f3n sobre el proyecto Accelera el Creixement<\/li><\/ul><br \/><h4><strong>\u00bfCon qu\u00e9 fin y legitimaci\u00f3n utilizamos los datos personales?<\/strong><\/h4><p>Los datos de car\u00e1cter personal tratados ser\u00e1n aquellos que:<\/p><ul><li>Los interesados \u200b\u200bhayan facilitado a trav\u00e9s de los formularios web correspondientes.<\/li><li>Se hayan proporcionado en el momento de darse de alta o como resultado de la actualizaci\u00f3n de su vinculaci\u00f3n con el proyecto Accelera el Creixement<\/li><li>Se hayan generado como consecuencia del desarrollo del proyecto Accelera el Creixement<\/li><li>PIMEC haya obtenido por distintos medios, tal y como se describe a lo largo de la presente Pol\u00edtica de Privacidad.<\/li><li>Se incluyan en el env\u00edo de correos electr\u00f3nicos a las direcciones publicadas en la web del proyecto.<\/li><\/ul><p>\u00a0<\/p><p>Estos datos de car\u00e1cter personal ser\u00e1n tratados para las finalidades que se indican a continuaci\u00f3n, en la medida en que exista una base legal para cada tratamiento.<\/p><br \/><p><strong>Respuesta a solicitudes de informaci\u00f3n o de contacto<br \/><\/strong>En la web existe un formulario por medio de los cuales los usuarios pueden enviar solicitudes de informaci\u00f3n a los responsables del proyecto Accelera el Creixement<\/p><p><strong>Legitimaci\u00f3n:<\/strong>Inter\u00e9s leg\u00edtimo de PIMEC y la Diputaci\u00f3n de Barcelona por este tratamiento de datos para dar respuesta a las solicitudes enviadas por los usuarios.<\/p><p><strong><br \/>Inscripci\u00f3n y participaci\u00f3n en el proyecto Accelera el Creixement<br \/><\/strong>Se tratar\u00e1n los datos personales de las personas que rellenan el formulario de inscripci\u00f3n al proyecto Accelera el Creixement<\/p><p><strong>Legitimaci\u00f3n:<\/strong>Inter\u00e9s leg\u00edtimo de PIMEC y la Diputaci\u00f3n de Barcelona por gestionar la participaci\u00f3n de los inscritos en el proyecto Accelera el Creixement<\/p><p>Adem\u00e1s de los anteriores, PIMEC y la Diputaci\u00f3n de Barcelona podr\u00e1n realizar otros tratamientos de los datos personales. En este caso, \u00a0el interesado recibir\u00e1 la informaci\u00f3n necesaria en relaci\u00f3n con estos tratamientos y PIMEC y la Diputaci\u00f3n de Barcelona solicitar\u00e1n su consentimiento si as\u00ed procede.<\/p><p>\u00a0<\/p><h4><strong>\u00bfDurante cu\u00e1nto tiempo PIMEC y la Diputaci\u00f3n de Barcelona conservar\u00e1n los datos?<\/strong><\/h4><p>Por lo general se conservar\u00e1n durante el tiempo que sea necesario para cumplir con la finalidad para la que se pidieron y para determinar las posibles responsabilidades que se puedan derivar de esta finalidad y del tratamiento de los datos.<\/p><p>Entre otros, esto implica que PIMEC y la Diputaci\u00f3n de Barcelona conservar\u00e1n los datos personales de los interesados \u200b\u200bmientras dure la vinculaci\u00f3n de las empresas con el proyecto Accelera el Creixement y, en todo caso, deben conservarse durante el per\u00edodo que resulte necesario para la formulaci\u00f3n, ejercicio o defensa de potenciales reclamaciones, para cumplir con obligaciones legales siempre que lo permita la legislaci\u00f3n aplicable.<\/p><p>Finalizado dicho plazo, PIMEC y la Diputaci\u00f3n de Barcelona se compromete a cesar el tratamiento de todos los datos personales, as\u00ed como a bloquearlos debidamente. No obstante, los datos personales, especialmente en el caso de registros de uso, podr\u00e1n conservarse cuando resulte necesario durante per\u00edodos m\u00e1s largos, siempre que se traten exclusivamente con fines de an\u00e1lisis estad\u00edstico e investigaci\u00f3n.<\/p><p>Transcurridos los plazos de prescripci\u00f3n legal, destruiremos, bloquearemos o anonimizaremos los datos personales en la medida de lo posible para la finalidad para la que se conservaran.<\/p><br \/><h4><strong>\u00bfA qui\u00e9n comunicaremos tus datos?<\/strong><\/h4><p>Tal y como hemos indicado cuando hemos identificado al responsable de los tratamientos, los datos se compartir\u00e1n entre PIMEC y la Diputaci\u00f3n de Barcelona dentro del \u00e1mbito de responsabilidades atribuidas a cada una de ellas.<\/p><p>No cederemos tus datos personales a terceros, con la salvedad de los ayuntamientos que puedan estar involucrados en el proyecto, salvo que sea necesario para prestarte servicio, que estemos cubiertos por una ley o que lo hayas pactado previamente con PIMEC y la Diputaci\u00f3 de Barcelona.<\/p><p>Para prestarte un servicio adecuado y gestionar la relaci\u00f3n que mantenemos contigo como cliente, podemos comunicar tus datos personales a:<\/p><ul><li>Empresas que nos prestan servicios relacionados con la actividad ordinaria y administrativa de PIMEC y la Diputaci\u00f3n de Barcelona en calidad de encargados de tratamiento, nacionales o internacionales, en el marco de la prestaci\u00f3n de servicios como, entre otros, proveedores de servicios de correo electr\u00f3nico, alojamiento de servicios web, alojamiento de servidores, servicios de aplicaciones de gesti\u00f3n en modalidad SaaS, o archivo de archivos en la nube.<\/li><\/ul><p>\u00a0<\/p><p>La prestaci\u00f3n de estos servicios puede implicar el tratamiento de los datos personales por parte de empresas ubicadas en pa\u00edses fuera del Espacio Econ\u00f3mico Europeo (transferencias internacionales de datos), \u00fanicamente cuando estos pa\u00edses ofrezcan un nivel adecuado de protecci\u00f3n, o en el caso de entidades de EE.UU. que est\u00e9n certificadas en el marco del Escudo de Privacidad UE-EE.UU. Decisi\u00f3n (UE) 2016\/1250 de la Comisi\u00f3n, de 12 de julio de 2016.<\/p>PIMEC y la Diputaci\u00f3n de Barcelona tambi\u00e9n podr\u00e1n realizar cesiones o comunicaciones de datos personales para atender sus obligaciones con las administraciones p\u00fablicas en los casos en que as\u00ed se requiera de acuerdo con la legislaci\u00f3n vigente en cada caso.<\/div><div>\u00a0<\/div><div class=\"field-item even\"><h4><strong>\u00bfCu\u00e1les son tus derechos derivados de facilitarnos tus datos?<\/strong><\/h4><p>En cualquier momento puedes ejercer tus derechos de acceso, rectificaci\u00f3n, supresi\u00f3n y portabilidad de los datos personales, as\u00ed como los de oposici\u00f3n y limitaci\u00f3n del tratamiento, los datos personales recogidos por PIMEC y la Diputaci\u00f3n de Barcelona.<\/p><p>Estos derechos podr\u00e1n ser ejercitados gratuitamente por el interesado y, en su caso, por quien lo represente, mediante solicitud escrita y firmada, acompa\u00f1ada de copia de su DNI o de documento equivalente que acredite su identidad, dirigida:<\/p>Por correo electr\u00f3nico a: <a href=\"mailto:privacitat@pimec.org\"><strong>privacitat@pimec.org<\/strong><\/a><ul><li>Por correo postal a: C\/ Viladomat, 174. 08015 Barcelona<\/li><\/ul><p>En caso de representaci\u00f3n, deber\u00e1 probarla mediante documento escrito y adjuntando copia del DNI o documento equivalente que acredite la identidad del representado, u otra documentaci\u00f3n acreditativa que se indique en el apartado Derechos ARCO.<\/p><p>Adem\u00e1s de los derechos anteriores, el interesado tendr\u00e1 derecho a retirar el consentimiento otorgado en cualquier momento mediante el procedimiento antes descrito, sin que ello afecte a la licitud del tratamiento anterior a la retirada del consentimiento. PIMEC y la Diputaci\u00f3n de Barcelona podr\u00e1 seguir tratando los datos personales del interesado en la medida en que la ley aplicable lo permita o persista cualquier otra legitimaci\u00f3n que lo justifique.<\/p><p>PIMEC recuerda al interesado que tiene derecho a presentar una reclamaci\u00f3n ante la Autoridad Catalana de Protecci\u00f3n de Datos (APDCAT) a trav\u00e9s de su web:\u00a0<a href=\"http:\/\/apdcat.gencat.cat\/ca\/drets_i_obligacions\/reclamar_i_denunciar\/\">http:\/\/apdcat.gencat.cat\/ca\/drets_i_obligacions\/reclamar_i_denunciar\/<\/a><\/p><h4>\u00a0<\/h4><h4><strong>\u00bfQu\u00e9 medidas de seguridad aplicamos a tus datos personales?<\/strong><\/h4><p>Con el objetivo de salvaguardar la seguridad de tus datos personales, te informamos que en PIMEC y la Diputaci\u00f3n de Barcelona han adoptado todas las medidas de \u00edndole t\u00e9cnica y organizativa necesarias para garantizar la seguridad de los datos personales suministrados con respecto a garantizar la confidencialidad, integridad, disponibilidad y resiliencia permanentes de los sistemas y servicios de tratamiento.<\/p><p>En concreto, se dispone de medidas de seguridad consistentes en:<\/p><ul><li>El control f\u00edsico del acceso y protecci\u00f3n de los equipos, personas e instalaciones donde se realizan los tratamientos de datos<\/li><li>El acceso a tus sistemas inform\u00e1ticos se realiza por medio de usuarios y contrase\u00f1as individuales, limitando el acceso a los datos a aquellos empleados que estrictamente lo requieran para el desempe\u00f1o de su puesto de trabajo.<\/li><li>Copias de seguridad de los datos personales de los que es necesario mantener la integridad y disponibilidad.<\/li><li>En el supuesto de gestionar soportes o documentos con datos personales, \u00e9stos est\u00e1n debidamente custodiados bajo clave o con dispositivos de cierre equivalentes.<\/li><li>Sistemas de protecci\u00f3n perimetral en la red para evitar intrusiones y antivirus de protecci\u00f3n de tus sistemas inform\u00e1ticos.<\/li><li>Se dispone de un registro de incidencias de seguridad y se han establecido mecanismos y un procedimiento de notificaci\u00f3n de fallas de seguridad.<\/li><li>Se dispone de un Plan de Continuidad que establece la posibilidad de restaurar la disponibilidad y el acceso a los datos personales de forma r\u00e1pida, en caso de incidente f\u00edsico o t\u00e9cnico dentro de los plazos requeridos para cumplir con los compromisos de negocio a los que estamos obligados seg\u00fan nuestro contrato de servicio.<\/li><\/ul><p>Asimismo, PIMEC y la Diputaci\u00f3n de Barcelona han puesto en marcha controles internos para verificar, evaluar y valorar, de forma regular, la eficacia de las medidas t\u00e9cnicas y organizativas implantadas para garantizar la seguridad del tratamiento.<\/p><br \/><h4><strong>Actualizaci\u00f3n de tus datos<\/strong><\/h4><p>Es importante que, a fin de que podamos mantener tus datos personales actualizados, nos informes de cualquier modificaci\u00f3n en estos datos; de lo contrario, no respondemos de su veracidad.<\/p><h4><strong><br \/>Modificaci\u00f3n de la Pol\u00edtica de Privacidad<br \/><\/strong><\/h4><p>PIMEC y la Diputaci\u00f3n de Barcelona pueden modificar su Pol\u00edtica de Privacidad de acuerdo a la legislaci\u00f3n aplicable en cada momento. En cualquier caso, cualquier modificaci\u00f3n de la Pol\u00edtica de Privacidad te ser\u00e1 debidamente notificada para que quedes informado de los cambios realizados en el tratamiento de tus datos personales y, en caso de que la normativa aplicable as\u00ed lo exija, puedas otorgar tu consentimiento.<\/p><\/div><\/div><\/div><\/div><\/div><\/div><\/div><\/div><\/div><\/div><\/div><\/div><\/div><div>\u00a0<\/div>\t\t\t\t\t\t\t\t<\/div>\n\t\t\t\t<\/div>\n\t\t\t\t\t<\/div>\n\t\t\t\t<\/div>\n\t\t\t\t<\/div>\n\t\t","protected":false},"excerpt":{"rendered":"<p>La confidencialidad y la seguridad son valores primordiales de PIMEC y la Diputaci\u00f3n de Barcelona como responsables del proyecto ACCELERA EL CREIXEMENT\u00a0 y, en consecuencia, asumimos el compromiso de garantizar la privacidad de los datos personales de nuestros participantes en todo momento y de no recoger informaci\u00f3n innecesaria. A continuaci\u00f3n, te proporcionamos toda la informaci\u00f3n [&hellip;]<\/p>\n","protected":false},"author":1,"featured_media":0,"parent":0,"menu_order":0,"comment_status":"closed","ping_status":"closed","template":"","meta":{"_acf_changed":false,"_bbp_topic_count":0,"_bbp_reply_count":0,"_bbp_total_topic_count":0,"_bbp_total_reply_count":0,"_bbp_voice_count":0,"_bbp_anonymous_reply_count":0,"_bbp_topic_count_hidden":0,"_bbp_reply_count_hidden":0,"_bbp_forum_subforum_count":0,"footnotes":""},"class_list":["post-1257","page","type-page","status-publish","hentry"],"acf":[],"yoast_head":"<!-- This site is optimized with the Yoast SEO plugin v26.1.1 - https:\/\/yoast.com\/wordpress\/plugins\/seo\/ -->\n<title>Pol\u00edtica de privacidad - Accelera el creixement. Programa d&#039;acceleraci\u00f3 empresarial a Barcelona<\/title>\n<meta name=\"robots\" content=\"index, follow, max-snippet:-1, max-image-preview:large, max-video-preview:-1\" \/>\n<link rel=\"canonical\" href=\"https:\/\/www.acceleraelcreixement.com\/es\/politica-privacidad\/\" \/>\n<meta property=\"og:locale\" content=\"es_ES\" \/>\n<meta property=\"og:type\" content=\"article\" \/>\n<meta property=\"og:title\" content=\"Pol\u00edtica de privacidad - Accelera el creixement. Programa d&#039;acceleraci\u00f3 empresarial a Barcelona\" \/>\n<meta property=\"og:description\" content=\"La confidencialidad y la seguridad son valores primordiales de PIMEC y la Diputaci\u00f3n de Barcelona como responsables del proyecto ACCELERA EL CREIXEMENT\u00a0 y, en consecuencia, asumimos el compromiso de garantizar la privacidad de los datos personales de nuestros participantes en todo momento y de no recoger informaci\u00f3n innecesaria. A continuaci\u00f3n, te proporcionamos toda la informaci\u00f3n [&hellip;]\" \/>\n<meta property=\"og:url\" content=\"https:\/\/www.acceleraelcreixement.com\/es\/politica-privacidad\/\" \/>\n<meta property=\"og:site_name\" content=\"Accelera el creixement. Programa d&#039;acceleraci\u00f3 empresarial a Barcelona\" \/>\n<meta property=\"article:modified_time\" content=\"2024-04-12T09:08:35+00:00\" \/>\n<meta name=\"twitter:card\" content=\"summary_large_image\" \/>\n<meta name=\"twitter:label1\" content=\"Tiempo de lectura\" \/>\n\t<meta name=\"twitter:data1\" content=\"8 minutos\" \/>\n<script type=\"application\/ld+json\" class=\"yoast-schema-graph\">{\"@context\":\"https:\/\/schema.org\",\"@graph\":[{\"@type\":\"WebPage\",\"@id\":\"https:\/\/www.acceleraelcreixement.com\/es\/politica-privacidad\/\",\"url\":\"https:\/\/www.acceleraelcreixement.com\/es\/politica-privacidad\/\",\"name\":\"Pol\u00edtica de privacidad - Accelera el creixement. Programa d&#039;acceleraci\u00f3 empresarial a Barcelona\",\"isPartOf\":{\"@id\":\"https:\/\/www.acceleraelcreixement.com\/es\/#website\"},\"datePublished\":\"2024-03-25T12:32:32+00:00\",\"dateModified\":\"2024-04-12T09:08:35+00:00\",\"breadcrumb\":{\"@id\":\"https:\/\/www.acceleraelcreixement.com\/es\/politica-privacidad\/#breadcrumb\"},\"inLanguage\":\"es\",\"potentialAction\":[{\"@type\":\"ReadAction\",\"target\":[\"https:\/\/www.acceleraelcreixement.com\/es\/politica-privacidad\/\"]}]},{\"@type\":\"BreadcrumbList\",\"@id\":\"https:\/\/www.acceleraelcreixement.com\/es\/politica-privacidad\/#breadcrumb\",\"itemListElement\":[{\"@type\":\"ListItem\",\"position\":1,\"name\":\"Home\",\"item\":\"https:\/\/www.acceleraelcreixement.com\/es\/\"},{\"@type\":\"ListItem\",\"position\":2,\"name\":\"Pol\u00edtica de privacidad\"}]},{\"@type\":\"WebSite\",\"@id\":\"https:\/\/www.acceleraelcreixement.com\/es\/#website\",\"url\":\"https:\/\/www.acceleraelcreixement.com\/es\/\",\"name\":\"Accelera el creixement. Programa d&#039;acceleraci\u00f3 empresarial a Barcelona\",\"description\":\"\u2b50\u2b50\u2b50\u2b50\u2b50Programa per al creixement de pimes de la Diputaci\u00f3 de Barcelona i PIMEC. Acompanyament empresarial i suport d&#039;experts per a la internacionalitzaci\u00f3, la comercialitzaci\u00f3, la innovaci\u00f3, l&#039;organitzaci\u00f3 i la transformaci\u00f3 digital de les empreses. Comen\u00e7a a exportar i a vendre per internet, millora la gesti\u00f3, creix!\",\"potentialAction\":[{\"@type\":\"SearchAction\",\"target\":{\"@type\":\"EntryPoint\",\"urlTemplate\":\"https:\/\/www.acceleraelcreixement.com\/es\/?s={search_term_string}\"},\"query-input\":{\"@type\":\"PropertyValueSpecification\",\"valueRequired\":true,\"valueName\":\"search_term_string\"}}],\"inLanguage\":\"es\"}]}<\/script>\n<!-- \/ Yoast SEO plugin. -->","yoast_head_json":{"title":"Pol\u00edtica de privacidad - Accelera el creixement. Programa d&#039;acceleraci\u00f3 empresarial a Barcelona","robots":{"index":"index","follow":"follow","max-snippet":"max-snippet:-1","max-image-preview":"max-image-preview:large","max-video-preview":"max-video-preview:-1"},"canonical":"https:\/\/www.acceleraelcreixement.com\/es\/politica-privacidad\/","og_locale":"es_ES","og_type":"article","og_title":"Pol\u00edtica de privacidad - Accelera el creixement. Programa d&#039;acceleraci\u00f3 empresarial a Barcelona","og_description":"La confidencialidad y la seguridad son valores primordiales de PIMEC y la Diputaci\u00f3n de Barcelona como responsables del proyecto ACCELERA EL CREIXEMENT\u00a0 y, en consecuencia, asumimos el compromiso de garantizar la privacidad de los datos personales de nuestros participantes en todo momento y de no recoger informaci\u00f3n innecesaria. A continuaci\u00f3n, te proporcionamos toda la informaci\u00f3n [&hellip;]","og_url":"https:\/\/www.acceleraelcreixement.com\/es\/politica-privacidad\/","og_site_name":"Accelera el creixement. Programa d&#039;acceleraci\u00f3 empresarial a Barcelona","article_modified_time":"2024-04-12T09:08:35+00:00","twitter_card":"summary_large_image","twitter_misc":{"Tiempo de lectura":"8 minutos"},"schema":{"@context":"https:\/\/schema.org","@graph":[{"@type":"WebPage","@id":"https:\/\/www.acceleraelcreixement.com\/es\/politica-privacidad\/","url":"https:\/\/www.acceleraelcreixement.com\/es\/politica-privacidad\/","name":"Pol\u00edtica de privacidad - Accelera el creixement. Programa d&#039;acceleraci\u00f3 empresarial a Barcelona","isPartOf":{"@id":"https:\/\/www.acceleraelcreixement.com\/es\/#website"},"datePublished":"2024-03-25T12:32:32+00:00","dateModified":"2024-04-12T09:08:35+00:00","breadcrumb":{"@id":"https:\/\/www.acceleraelcreixement.com\/es\/politica-privacidad\/#breadcrumb"},"inLanguage":"es","potentialAction":[{"@type":"ReadAction","target":["https:\/\/www.acceleraelcreixement.com\/es\/politica-privacidad\/"]}]},{"@type":"BreadcrumbList","@id":"https:\/\/www.acceleraelcreixement.com\/es\/politica-privacidad\/#breadcrumb","itemListElement":[{"@type":"ListItem","position":1,"name":"Home","item":"https:\/\/www.acceleraelcreixement.com\/es\/"},{"@type":"ListItem","position":2,"name":"Pol\u00edtica de privacidad"}]},{"@type":"WebSite","@id":"https:\/\/www.acceleraelcreixement.com\/es\/#website","url":"https:\/\/www.acceleraelcreixement.com\/es\/","name":"Accelera el creixement. Programa d&#039;acceleraci\u00f3 empresarial a Barcelona","description":"\u2b50\u2b50\u2b50\u2b50\u2b50Programa per al creixement de pimes de la Diputaci\u00f3 de Barcelona i PIMEC. Acompanyament empresarial i suport d&#039;experts per a la internacionalitzaci\u00f3, la comercialitzaci\u00f3, la innovaci\u00f3, l&#039;organitzaci\u00f3 i la transformaci\u00f3 digital de les empreses. Comen\u00e7a a exportar i a vendre per internet, millora la gesti\u00f3, creix!","potentialAction":[{"@type":"SearchAction","target":{"@type":"EntryPoint","urlTemplate":"https:\/\/www.acceleraelcreixement.com\/es\/?s={search_term_string}"},"query-input":{"@type":"PropertyValueSpecification","valueRequired":true,"valueName":"search_term_string"}}],"inLanguage":"es"}]}},"_links":{"self":[{"href":"https:\/\/www.acceleraelcreixement.com\/es\/wp-json\/wp\/v2\/pages\/1257","targetHints":{"allow":["GET"]}}],"collection":[{"href":"https:\/\/www.acceleraelcreixement.com\/es\/wp-json\/wp\/v2\/pages"}],"about":[{"href":"https:\/\/www.acceleraelcreixement.com\/es\/wp-json\/wp\/v2\/types\/page"}],"author":[{"embeddable":true,"href":"https:\/\/www.acceleraelcreixement.com\/es\/wp-json\/wp\/v2\/users\/1"}],"replies":[{"embeddable":true,"href":"https:\/\/www.acceleraelcreixement.com\/es\/wp-json\/wp\/v2\/comments?post=1257"}],"version-history":[{"count":4,"href":"https:\/\/www.acceleraelcreixement.com\/es\/wp-json\/wp\/v2\/pages\/1257\/revisions"}],"predecessor-version":[{"id":1449,"href":"https:\/\/www.acceleraelcreixement.com\/es\/wp-json\/wp\/v2\/pages\/1257\/revisions\/1449"}],"wp:attachment":[{"href":"https:\/\/www.acceleraelcreixement.com\/es\/wp-json\/wp\/v2\/media?parent=1257"}],"curies":[{"name":"wp","href":"https:\/\/api.w.org\/{rel}","templated":true}]}}